{"id":3568,"date":"2025-07-31T18:08:51","date_gmt":"2025-07-31T16:08:51","guid":{"rendered":"https:\/\/fondazione-fair.it\/evento\/ecosistema-fair-lai-tra-ricerca-e-impresa\/"},"modified":"2025-08-06T13:50:54","modified_gmt":"2025-08-06T11:50:54","slug":"ecosistema-fair-lai-tra-ricerca-e-impresa","status":"publish","type":"ajde_events","link":"https:\/\/fondazione-fair.it\/en\/evento\/ecosistema-fair-lai-tra-ricerca-e-impresa\/","title":{"rendered":"Ecosistema FAIR: l\u2019AI tra ricerca e impresa &#8211; Milano"},"content":{"rendered":"<p data-start=\"281\" data-end=\"634\">Cosa succede quando universit\u00e0, centri di ricerca e aziende si uniscono per costruire un&#8217;intelligenza artificiale etica, strategica e sostenibile? \u00c8 questa la domanda al centro del primo evento &#8220;<strong>Ecosistema FAIR: l\u2019AI tra ricerca e impresa<\/strong>\u201d, che riunisce gli <strong>spoke del Nord<\/strong> Italia per favorire il dialogo tra mondo accademico e tessuto produttivo e che si terr\u00e0 presso il <strong>Politecnico di Milano<\/strong> nella giornata del <strong>14 luglio<\/strong>.<\/p>\n<p data-start=\"636\" data-end=\"1107\">A inaugurare la giornata \u00e8 <strong>Giuseppe De Pietro<\/strong>, Presidente della Fondazione FAIR, con un invito a immaginare un&#8217;AI \u201caffidabile, controllabile e alleata dell\u2019uomo\u201d. Seguiranno gli interventi di <strong>Marta Rapallini<\/strong>, Program Manager di FAIR, che illustrer\u00e0 i numeri del progetto: 136 enti coinvolti in 16 regioni, 416 ricercatori reclutati (l\u201989% under 40), 25 partner fondatori e una rete in crescita che conta oggi 83 imprese e 53 tra universit\u00e0 e centri di ricerca.<\/p>\n<p data-start=\"1109\" data-end=\"1249\">Protagonisti dell\u2019evento anche i vincitori dei Bandi a Cascata FAIR, che presenteranno progetti concreti di AI applicata in vari settori:<\/p>\n<ul data-start=\"1250\" data-end=\"1625\">\n<li data-start=\"1250\" data-end=\"1348\">\n<p data-start=\"1252\" data-end=\"1348\"><strong data-start=\"1252\" data-end=\"1291\">Playnook + Fondazione Bruno Kessler<\/strong> per la generazione automatica di narrazioni interattive;<\/p>\n<\/li>\n<li data-start=\"1349\" data-end=\"1433\">\n<p data-start=\"1351\" data-end=\"1433\"><strong data-start=\"1351\" data-end=\"1382\">ENI + Politecnico di Milano<\/strong> con un progetto sui sistemi di question-answering;<\/p>\n<\/li>\n<li data-start=\"1434\" data-end=\"1522\">\n<p data-start=\"1436\" data-end=\"1522\"><strong data-start=\"1436\" data-end=\"1469\">Reply + Politecnico di Torino<\/strong> per l\u2019affidabilit\u00e0 dell\u2019AI in ambienti multi-agente;<\/p>\n<\/li>\n<li data-start=\"1523\" data-end=\"1625\">\n<p data-start=\"1525\" data-end=\"1625\"><strong data-start=\"1525\" data-end=\"1558\">OPTIT + Universit\u00e0 di Bologna<\/strong> sull\u2019ottimizzazione della logistica ambientale con modelli ibridi.<\/p>\n<\/li>\n<\/ul>\n<p data-start=\"1627\" data-end=\"1899\">A completare la mattinata, la presentazione dell\u2019<strong data-start=\"1676\" data-end=\"1726\">Osservatorio sull\u2019AI del Politecnico di Milano<\/strong>, a cura di <strong>Camilla Sorrentino<\/strong>, e l\u2019intervento di chiusura di <strong data-start=\"1788\" data-end=\"1806\">Fabrizio Cobis<\/strong> (Ministero dell\u2019Universit\u00e0 e della Ricerca), sul ruolo del PNRR nel futuro dell\u2019AI italiana.<\/p>\n<p data-start=\"1901\" data-end=\"2244\">Nel pomeriggio, il <strong data-start=\"1920\" data-end=\"1965\">talk show trasmesso in diretta su ANSA.it<\/strong> e condotto da <strong>Alessio Jacona<\/strong> vedr\u00e0 confrontarsi esperti come <strong>Barbara Caputo, Paolo Traverso, Carlo Sansone, Marco Varone, Sonia Colombo Serra e Barbara Alicino<\/strong>, in un dialogo sul futuro del settore: tra competitivit\u00e0 globale, sostenibilit\u00e0 e impatto sociale della tecnologia.<\/p>\n<p data-start=\"2246\" data-end=\"2341\">Un evento che da voce a progetti, persone e visioni, raccontando un\u2019AI che \u00e8 gi\u00e0 realt\u00e0.<\/p>\n<p data-start=\"2343\" data-end=\"2438\">Rivedi i momenti salienti online: <a href=\"https:\/\/www.youtube.com\/watch?v=Ks9q_1aBhFs&amp;list=PLV-wq6VKBJ8--EpNgs2_BdpwEdu53m4Mt&amp;index=5&amp;ab_channel=fondazione-fair\" target=\"_blank\" rel=\"noopener\">sessione plenaria<\/a>, <a href=\"https:\/\/www.youtube.com\/watch?v=g41iAfnm0dQ&amp;t=3s&amp;ab_channel=fondazione-fair\" target=\"_blank\" rel=\"noopener\">talk show<\/a> e <a href=\"https:\/\/www.youtube.com\/shorts\/MmLAwP7XPB0\" target=\"_blank\" rel=\"noopener\">video recap con interviste<\/a>.<\/p>\n","protected":false},"author":2,"featured_media":3434,"menu_order":0,"comment_status":"open","ping_status":"closed","template":"","meta":[],"tags":[68,45,73,85,116,42,89,74],"event_type":[],"event_type_2":[],"class_list":["post-3568","ajde_events","type-ajde_events","status-publish","has-post-thumbnail","hentry","tag-ai","tag-artificial-intelligence","tag-fair","tag-ia","tag-innovazione","tag-intelligenza-artificiale-2","tag-ricerca","tag-ricercatori-fair"],"_links":{"self":[{"href":"https:\/\/fondazione-fair.it\/en\/wp-json\/wp\/v2\/ajde_events\/3568","targetHints":{"allow":["GET"]}}],"collection":[{"href":"https:\/\/fondazione-fair.it\/en\/wp-json\/wp\/v2\/ajde_events"}],"about":[{"href":"https:\/\/fondazione-fair.it\/en\/wp-json\/wp\/v2\/types\/ajde_events"}],"author":[{"embeddable":true,"href":"https:\/\/fondazione-fair.it\/en\/wp-json\/wp\/v2\/users\/2"}],"replies":[{"embeddable":true,"href":"https:\/\/fondazione-fair.it\/en\/wp-json\/wp\/v2\/comments?post=3568"}],"wp:featuredmedia":[{"embeddable":true,"href":"https:\/\/fondazione-fair.it\/en\/wp-json\/wp\/v2\/media\/3434"}],"wp:attachment":[{"href":"https:\/\/fondazione-fair.it\/en\/wp-json\/wp\/v2\/media?parent=3568"}],"wp:term":[{"taxonomy":"post_tag","embeddable":true,"href":"https:\/\/fondazione-fair.it\/en\/wp-json\/wp\/v2\/tags?post=3568"},{"taxonomy":"event_type","embeddable":true,"href":"https:\/\/fondazione-fair.it\/en\/wp-json\/wp\/v2\/event_type?post=3568"},{"taxonomy":"event_type_2","embeddable":true,"href":"https:\/\/fondazione-fair.it\/en\/wp-json\/wp\/v2\/event_type_2?post=3568"}],"curies":[{"name":"wp","href":"https:\/\/api.w.org\/{rel}","templated":true}]}}