{"id":3097,"date":"2025-01-24T11:24:22","date_gmt":"2025-01-24T10:24:22","guid":{"rendered":"https:\/\/fondazione-fair.it\/evento\/workshop-fair-2025-spoke-2\/"},"modified":"2025-01-30T11:46:24","modified_gmt":"2025-01-30T10:46:24","slug":"workshop-fair-2025-spoke-2","status":"publish","type":"ajde_events","link":"https:\/\/fondazione-fair.it\/en\/evento\/workshop-fair-2025-spoke-2\/","title":{"rendered":"Workshop FAIR 2025 &#8211; Spoke 2"},"content":{"rendered":"<p data-pm-slice=\"0 0 []\">Il <strong>30 e 31 gennaio<\/strong> 2025, presso la sede della <strong>Fondazione Bruno Kessler<\/strong> (FBK) a <strong>Trento<\/strong>, in via Sommarive 18, si terr\u00e0 il <strong>workshop<\/strong> dedicato allo <strong>Spoke<\/strong> <strong>2<\/strong> del progetto FAIR. L\u2019evento sar\u00e0 incentrato sull\u2019<strong>Integrative AI<\/strong> e avr\u00e0 l\u2019obiettivo di presentare e discutere i progressi del progetto, i risultati scientifici e il loro impatto sia in ambito accademico che industriale, oltre a delineare le prospettive strategiche per il prossimo anno.<\/p>\n<p>Parteciperanno all\u2019evento tutti i partner dello Spoke 2, tra cui <em><strong><a href=\"https:\/\/www.fbk.eu\/it\/\" target=\"_blank\" rel=\"noopener\">FBK<\/a><\/strong><\/em>, in qualit\u00e0 di leader dello spoke, <em><a href=\"https:\/\/www.unitn.it\/\" target=\"_blank\" rel=\"noopener\"><strong>UniTrento<\/strong><\/a><\/em>, partner scientifico che collabora con FBK nella gestione del progetto, ed <em><a href=\"https:\/\/www.expert.ai\/\" target=\"_blank\" rel=\"noopener\"><strong>expert.ai<\/strong><\/a><\/em>, partner industriale fortemente attivo nello Spoke 2. Saranno inoltre presenti le universit\u00e0 vincitrici dei bandi scientifici (<em>Universit\u00e0 di Udine, Universit\u00e0 di Padova, Universit\u00e0 di Bolzano, Universit\u00e0 di Verona, Universit\u00e0 di Torino<\/em>) e le nove aziende vincitrici dei bandi per aziende: <em>AdlerOrtho, Deix, GeniusLoci, Melixa, MyMeta, Ontopic, PiSchool, PlayNook e Reply<\/em>.<\/p>\n<p>Il programma delle due giornate includer\u00e0 <strong>sessioni dedicate a modelli multi-modali<\/strong> e all\u2019intelligenza artificiale per agenti autonomi e interattivi, oltre a presentazioni dei progetti realizzati da ricercatori e giovani professionisti coinvolti nel progetto.<\/p>\n<p>Sar\u00e0 possibile <strong>seguire l&#8217;evento in streaming su YouTube:<br \/>\n<\/strong>&#8211; <a href=\"https:\/\/www.youtube.com\/live\/eD89VpQdhNE\" target=\"_blank\" rel=\"noopener\">gioved\u00ec 30 gennaio<\/a><br \/>\n&#8211; <a href=\"https:\/\/www.youtube.com\/live\/7BRiZjkZwy8\" target=\"_blank\" rel=\"noopener\">venerd\u00ec 31 gennaio<\/a><\/p>\n<p><strong><a href=\"https:\/\/fondazione-fair.it\/wp-content\/uploads\/2025\/01\/Programma-Workshop-spoke-2-FAIR.pdf\">Consulta qui il programma<\/a><\/strong><\/p>\n","protected":false},"author":2,"featured_media":3100,"menu_order":0,"comment_status":"open","ping_status":"closed","template":"","meta":[],"tags":[68,45,104,57,73,85,42,89,102,103,62],"event_type":[15],"event_type_2":[],"class_list":["post-3097","ajde_events","type-ajde_events","status-publish","has-post-thumbnail","hentry","tag-ai","tag-artificial-intelligence","tag-etica","tag-evento","tag-fair","tag-ia","tag-intelligenza-artificiale-2","tag-ricerca","tag-spoke","tag-spoke-2","tag-workshop","event_type-spoke-2"],"_links":{"self":[{"href":"https:\/\/fondazione-fair.it\/en\/wp-json\/wp\/v2\/ajde_events\/3097","targetHints":{"allow":["GET"]}}],"collection":[{"href":"https:\/\/fondazione-fair.it\/en\/wp-json\/wp\/v2\/ajde_events"}],"about":[{"href":"https:\/\/fondazione-fair.it\/en\/wp-json\/wp\/v2\/types\/ajde_events"}],"author":[{"embeddable":true,"href":"https:\/\/fondazione-fair.it\/en\/wp-json\/wp\/v2\/users\/2"}],"replies":[{"embeddable":true,"href":"https:\/\/fondazione-fair.it\/en\/wp-json\/wp\/v2\/comments?post=3097"}],"wp:featuredmedia":[{"embeddable":true,"href":"https:\/\/fondazione-fair.it\/en\/wp-json\/wp\/v2\/media\/3100"}],"wp:attachment":[{"href":"https:\/\/fondazione-fair.it\/en\/wp-json\/wp\/v2\/media?parent=3097"}],"wp:term":[{"taxonomy":"post_tag","embeddable":true,"href":"https:\/\/fondazione-fair.it\/en\/wp-json\/wp\/v2\/tags?post=3097"},{"taxonomy":"event_type","embeddable":true,"href":"https:\/\/fondazione-fair.it\/en\/wp-json\/wp\/v2\/event_type?post=3097"},{"taxonomy":"event_type_2","embeddable":true,"href":"https:\/\/fondazione-fair.it\/en\/wp-json\/wp\/v2\/event_type_2?post=3097"}],"curies":[{"name":"wp","href":"https:\/\/api.w.org\/{rel}","templated":true}]}}